{"id":52,"date":"2014-08-19T10:27:39","date_gmt":"2014-08-19T08:27:39","guid":{"rendered":"http:\/\/1526.csaladfakonyv.hu\/?page_id=52"},"modified":"2014-08-19T15:58:03","modified_gmt":"2014-08-19T13:58:03","slug":"a-honlap-celja","status":"publish","type":"page","link":"https:\/\/1526.csaladfakonyv.hu\/?page_id=52","title":{"rendered":"A honlap c\u00e9lja"},"content":{"rendered":"<p>Kedves Olvas\u00f3, k\u00f6sz\u00f6ntelek!<\/p>\n<p style=\"text-align: justify;\">A c\u00e9lom egy olyan honlap l\u00e9trehoz\u00e1sa \u00e9s b\u0151v\u00edt\u00e9se, mely a Jagell\u00f3-kor, \u00e9s az azt k\u00f6vet\u0151 negyven \u00e9v t\u00f6rt\u00e9nelm\u00e9t \u00e9l\u0151 t\u00f6rt\u00e9nelemk\u00e9nt mutatja be az \u00e9rdekl\u0151d\u0151knek, teret adva az \u00e1tgondolt vit\u00e1knak, \u00e9rvel\u00e9seknek, \u00e9s lehet\u0151s\u00e9get biztos\u00edt a v\u00e9lem\u00e9nyek \u00fctk\u00f6ztet\u00e9s\u00e9re.<\/p>\n<p style=\"text-align: justify;\">Mivel nem vagyok t\u00f6rt\u00e9n\u00e9sz, lev\u00e9lt\u00e1ros, b\u00f6lcs\u00e9sz stb., mindaz, amit \u00edrok, egy sz\u00edv\u00f3s amat\u0151r-kutat\u00e1s eredm\u00e9nye, valamint (rem\u00e9lem) a j\u00f3zan \u00e9sz munk\u00e1lkod\u00e1s\u00e1nak k\u00f6vetkezm\u00e9nye. Ez az\u00e9rt nagyon fontos, mert nem hagytam magamat megk\u00f6tni semmilyen szakma \u00e9s hivat\u00e1s szab\u00e1lyaihoz, ez\u00e1ltal munk\u00e1im saj\u00e1ts\u00e1gosan b\u00e1tor k\u00f6vetkeztet\u00e9sekben gazdagok, de figyelem, nem k\u00f6vetkezetlenek! Mindannak, amit le\u00edrtam (itt most a N\u00e9gy kir\u00e1ly, egy szult\u00e1n c\u00edm\u0171 k\u00f6nyvre gondolok els\u0151sorban) oka, el\u0151zm\u00e9nye van.<\/p>\n<p>Az Olvas\u00f3k fel\u00e9 pedig egy c\u00e9lom van: \u00e9rezz\u00e9k j\u00f3l magukat, \u00e9s esetleg szerezzenek \u00faj inform\u00e1ci\u00f3kat a honlapom \u00e1ltal.<\/p>\n<p>&nbsp;<\/p>\n<p>&nbsp;<\/p>\n","protected":false},"excerpt":{"rendered":"<p>Kedves Olvas\u00f3, k\u00f6sz\u00f6ntelek! A c\u00e9lom egy olyan honlap l\u00e9trehoz\u00e1sa \u00e9s b\u0151v\u00edt\u00e9se, mely a Jagell\u00f3-kor, \u00e9s az azt k\u00f6vet\u0151 negyven \u00e9v t\u00f6rt\u00e9nelm\u00e9t \u00e9l\u0151 t\u00f6rt\u00e9nelemk\u00e9nt mutatja be az \u00e9rdekl\u0151d\u0151knek, teret adva az \u00e1tgondolt vit\u00e1knak, \u00e9rvel\u00e9seknek, \u00e9s lehet\u0151s\u00e9get biztos\u00edt a v\u00e9lem\u00e9nyek \u00fctk\u00f6ztet\u00e9s\u00e9re. Mivel nem vagyok t\u00f6rt\u00e9n\u00e9sz, lev\u00e9lt\u00e1ros, b\u00f6lcs\u00e9sz stb., mindaz, amit \u00edrok, egy sz\u00edv\u00f3s amat\u0151r-kutat\u00e1s eredm\u00e9nye, valamint (rem\u00e9lem) &hellip; <a href=\"https:\/\/1526.csaladfakonyv.hu\/?page_id=52\" class=\"more-link\"><span class=\"screen-reader-text\">A honlap c\u00e9lja<\/span> b\u0151vebben&#8230; <span class=\"meta-nav\">&rarr;<\/span><\/a><\/p>\n","protected":false},"author":1,"featured_media":0,"parent":50,"menu_order":1,"comment_status":"open","ping_status":"open","template":"","meta":[],"_links":{"self":[{"href":"https:\/\/1526.csaladfakonyv.hu\/index.php?rest_route=\/wp\/v2\/pages\/52"}],"collection":[{"href":"https:\/\/1526.csaladfakonyv.hu\/index.php?rest_route=\/wp\/v2\/pages"}],"about":[{"href":"https:\/\/1526.csaladfakonyv.hu\/index.php?rest_route=\/wp\/v2\/types\/page"}],"author":[{"embeddable":true,"href":"https:\/\/1526.csaladfakonyv.hu\/index.php?rest_route=\/wp\/v2\/users\/1"}],"replies":[{"embeddable":true,"href":"https:\/\/1526.csaladfakonyv.hu\/index.php?rest_route=%2Fwp%2Fv2%2Fcomments&post=52"}],"version-history":[{"count":3,"href":"https:\/\/1526.csaladfakonyv.hu\/index.php?rest_route=\/wp\/v2\/pages\/52\/revisions"}],"predecessor-version":[{"id":103,"href":"https:\/\/1526.csaladfakonyv.hu\/index.php?rest_route=\/wp\/v2\/pages\/52\/revisions\/103"}],"up":[{"embeddable":true,"href":"https:\/\/1526.csaladfakonyv.hu\/index.php?rest_route=\/wp\/v2\/pages\/50"}],"wp:attachment":[{"href":"https:\/\/1526.csaladfakonyv.hu\/index.php?rest_route=%2Fwp%2Fv2%2Fmedia&parent=52"}],"curies":[{"name":"wp","href":"https:\/\/api.w.org\/{rel}","templated":true}]}}