{"id":36,"date":"2014-08-19T10:18:38","date_gmt":"2014-08-19T08:18:38","guid":{"rendered":"http:\/\/1526.csaladfakonyv.hu\/?page_id=36"},"modified":"2014-08-20T06:04:42","modified_gmt":"2014-08-20T04:04:42","slug":"tartalomjegyzek","status":"publish","type":"page","link":"https:\/\/1526.csaladfakonyv.hu\/?page_id=36","title":{"rendered":"Tartalomjegyz\u00e9k"},"content":{"rendered":"<p><a href=\"http:\/\/1526.csaladfakonyv.hu\/wp-content\/uploads\/2014\/08\/MOHACS-ermegyujtemeny.jpg\"><img loading=\"lazy\" class=\"alignnone size-medium wp-image-206\" src=\"http:\/\/1526.csaladfakonyv.hu\/wp-content\/uploads\/2014\/08\/MOHACS-ermegyujtemeny-300x225.jpg\" alt=\"MOHACS ermegyujtemeny\" width=\"300\" height=\"225\" srcset=\"https:\/\/1526.csaladfakonyv.hu\/wp-content\/uploads\/2014\/08\/MOHACS-ermegyujtemeny-300x225.jpg 300w, https:\/\/1526.csaladfakonyv.hu\/wp-content\/uploads\/2014\/08\/MOHACS-ermegyujtemeny.jpg 1024w\" sizes=\"(max-width: 300px) 100vw, 300px\" \/><\/a><\/p>\n<p>TARTALOMJEGYZ\u00c9K<\/p>\n<p>Bevezet\u00e9s &#8230;&#8230;&#8230;&#8230;&#8230;&#8230;&#8230;&#8230;&#8230;&#8230;&#8230;&#8230;&#8230;&#8230;&#8230;&#8230;&#8230;&#8230;&#8230;&#8230;&#8230;&#8230;&#8230;&#8230;&#8230;&#8230;&#8230;&#8230;&#8230;&#8230;&#8230;.5<\/p>\n<p>Szerz\u0151i el\u0151sz\u00f3 &#8230;&#8230;&#8230;&#8230;&#8230;&#8230;&#8230;&#8230;&#8230;&#8230;&#8230;&#8230;&#8230;&#8230;&#8230;&#8230;&#8230;&#8230;&#8230;&#8230;&#8230;&#8230;&#8230;&#8230;&#8230;&#8230;&#8230;&#8230;.25<\/p>\n<p>1. R\u00c9SZ. MEMORIA HUNGARORUM ANNO DOMINI 1488\u20131526 &#8230;&#8230;&#8230;.29<\/p>\n<p>I. M\u00faltbeli el\u0151zm\u00e9nyek: Anno Domini 1488\u20131506 &#8230;&#8230;&#8230;&#8230;&#8230;&#8230;&#8230;&#8230;&#8230;&#8230;31<br \/>\nII. T\u00e1voli el\u0151zm\u00e9nyek: Anno Domini 1514\u20131515 &#8230;&#8230;&#8230;&#8230;&#8230;&#8230;&#8230;&#8230;&#8230;&#8230;&#8230;35<br \/>\nIII. K\u00f6zvetlen el\u0151zm\u00e9nyek: Anno Domini 1516\u20131518 &#8230;&#8230;&#8230;&#8230;&#8230;&#8230;&#8230;&#8230;..40<br \/>\nIV. Meghat\u00e1roz\u00f3 el\u0151zm\u00e9nyek: Anno Domini 1519\u20131520 &#8230;&#8230;&#8230;&#8230;&#8230;&#8230;&#8230;58<\/p>\n<p>R\u00e9szletes kr\u00f3nik\u00e1k &#8230;&#8230;&#8230;&#8230;&#8230;&#8230;&#8230;&#8230;&#8230;&#8230;&#8230;&#8230;&#8230;&#8230;&#8230;&#8230;&#8230;&#8230;&#8230;&#8230;&#8230;&#8230;&#8230;&#8230;&#8230;&#8230;.70<br \/>\nI. Anno Domini 1521 &#8230;&#8230;&#8230;&#8230;&#8230;&#8230;&#8230;&#8230;&#8230;&#8230;&#8230;&#8230;&#8230;&#8230;&#8230;&#8230;&#8230;&#8230;&#8230;&#8230;&#8230;&#8230;&#8230;&#8230;&#8230;..70<br \/>\nII. Anno Domini 1522 &#8230;&#8230;&#8230;&#8230;&#8230;&#8230;&#8230;&#8230;&#8230;&#8230;&#8230;&#8230;&#8230;&#8230;&#8230;&#8230;&#8230;&#8230;&#8230;&#8230;&#8230;&#8230;&#8230;&#8230;&#8230;.. 83<br \/>\nIII. Anno Domini 1523 &#8230;&#8230;&#8230;&#8230;&#8230;&#8230;&#8230;&#8230;&#8230;&#8230;&#8230;&#8230;&#8230;&#8230;&#8230;&#8230;&#8230;&#8230;&#8230;&#8230;&#8230;&#8230;&#8230;&#8230;&#8230;. 92<br \/>\nIV. Anno Domini 1524 &#8230;&#8230;&#8230;&#8230;&#8230;&#8230;&#8230;&#8230;&#8230;&#8230;&#8230;&#8230;&#8230;&#8230;&#8230;&#8230;&#8230;&#8230;&#8230;&#8230;&#8230;&#8230;&#8230;&#8230;&#8230;. 100<br \/>\nV. Anno Domini 1525 &#8230;&#8230;&#8230;&#8230;&#8230;&#8230;&#8230;&#8230;&#8230;&#8230;&#8230;&#8230;&#8230;&#8230;&#8230;&#8230;&#8230;&#8230;&#8230;&#8230;&#8230;&#8230;&#8230;&#8230;&#8230;&#8230;112<br \/>\nVI. Anno Domini 1526 &#8230;&#8230;&#8230;&#8230;&#8230;&#8230;&#8230;&#8230;&#8230;&#8230;&#8230;&#8230;&#8230;&#8230;&#8230;&#8230;&#8230;&#8230;&#8230;&#8230;&#8230;&#8230;&#8230;&#8230;&#8230;&#8230; 143<\/p>\n<p>Additamentumi (Debitumi, Dignationis, Consiliarii, Secretarii, Buda) \u00a0 155<\/p>\n<p>2. R\u00c9SZ. COMMENTARIUM LUDOVICUS REX, MDXXVI &#8230;&#8230;&#8230;&#8230;&#8230;&#8230;&#8230;&#8230;&#8230;. 168<\/p>\n<p>3. R\u00c9SZ. MOH\u00c1CSI VESZTES\u00c9GLISTA, \u00c9S A T\u00daL\u00c9L\u0150K &#8230;&#8230;&#8230;&#8230;&#8230;&#8230;&#8230;&#8230;&#8230;. 211<\/p>\n<p>4. R\u00c9SZ. CSILLAGJ\u00d3SL\u00c1SOK DOKUMENTUMAI A SZULT\u00c1NI<br \/>\nLEV\u00c9LT\u00c1RBAN &#8230;&#8230;&#8230;&#8230;&#8230;&#8230;&#8230;&#8230;&#8230;&#8230;&#8230;&#8230;&#8230;&#8230;&#8230;&#8230;&#8230;&#8230;&#8230;&#8230;&#8230;&#8230;&#8230;&#8230;&#8230;&#8230;&#8230;&#8230;&#8230;&#8230; 219<\/p>\n<p>5. R\u00c9SZ. SZULEJM\u00c1N SZULT\u00c1N LEV\u00c9LT\u00c1R\u00c1BAN TAL\u00c1LT<br \/>\nMAGYAR VONATKOZ\u00c1S\u00da LEVELEK &#8230;&#8230;&#8230;&#8230;&#8230;&#8230;&#8230;&#8230;&#8230;&#8230;&#8230;&#8230;&#8230;&#8230;&#8230;&#8230;&#8230;&#8230;&#8230;.223<\/p>\n<p>6. R\u00c9SZ. MUR\u00c1D DRAGOM\u00c1N 1554\u20131555-BEN K\u00c9SZ\u00dcLT T\u00c1BL\u00c1I<br \/>\nA hat hadj\u00e1rat Magyarorsz\u00e1g ellen&#8230;&#8230;&#8230;&#8230;&#8230;&#8230;&#8230;&#8230;&#8230;&#8230;&#8230;&#8230;&#8230;&#8230;&#8230;&#8230;&#8230;&#8230;&#8230; 288<\/p>\n<p>7. R\u00c9SZ. A HETEDIK HADJ\u00c1RAT MAGYARORSZ\u00c1G ELLEN.<br \/>\nSzulejm\u00e1n szult\u00e1n feljegyz\u00e9sei &#8230;&#8230;&#8230;&#8230;&#8230;&#8230;&#8230;&#8230;&#8230;&#8230;&#8230;&#8230;&#8230;&#8230;&#8230;&#8230;&#8230;&#8230;&#8230;&#8230;.. 302<\/p>\n<p>F\u00fcggel\u00e9k &#8230;&#8230;&#8230;&#8230;&#8230;&#8230;&#8230;&#8230;&#8230;&#8230;&#8230;&#8230;&#8230;&#8230;&#8230;&#8230;&#8230;&#8230;&#8230;&#8230;&#8230;&#8230;&#8230;&#8230;&#8230;&#8230;&#8230;&#8230;&#8230;&#8230;&#8230;.. 319<\/p>\n<p>Irodalom &#8230;&#8230;&#8230;&#8230;&#8230;&#8230;&#8230;&#8230;&#8230;&#8230;&#8230;&#8230;&#8230;&#8230;&#8230;&#8230;&#8230;&#8230;&#8230;&#8230;&#8230;&#8230;&#8230;&#8230;&#8230;&#8230;&#8230;&#8230;&#8230;&#8230;&#8230;&#8230; 361<\/p>\n<p>N\u00e9vmutat\u00f3&#8230;&#8230;&#8230;&#8230;&#8230;&#8230;&#8230;&#8230;&#8230;&#8230;&#8230;&#8230;&#8230;&#8230;&#8230;&#8230;&#8230;&#8230;&#8230;&#8230;&#8230;&#8230;&#8230;&#8230;&#8230;&#8230;&#8230;&#8230;&#8230;&#8230;.. 367<\/p>\n<p>Az egyes &#8220;Anno Domini&#8221; fejezetekben sok esem\u00e9ny ker\u00fcl le\u00edr\u00e1sra, l\u00e1ssuk p\u00e9ld\u00e1ul mi tal\u00e1lhat\u00f3 benne az 1525. \u00e9vr\u0151l:<\/p>\n<p>\u0150fels\u00e9ge seg\u00e9lyk\u00e9r\u0151 levelei, 1525<br \/>\nCampeggio hat\u00e1sa, 1525<br \/>\nTomori P\u00e1lr\u00f3l<br \/>\nCordatus Konr\u00e1d visszat\u00e9r Bud\u00e1ra, 1525<br \/>\nB\u0171nbocs\u00e1nat R\u00f3m\u00e1n k\u00edv\u00fcl, 1525<br \/>\nBali b\u00e9g levele Tomori P\u00e1lhoz, 1525<br \/>\nFrancia kir\u00e1ly fogs\u00e1ga, 1525<br \/>\nJajca seg\u00e9lyk\u00e9r\u00e9se, 1525<br \/>\nFrangep\u00e1n Krist\u00f3fr\u00f3l<br \/>\nSzalkai \u00e9rsek m\u00e9rhetetlen hatalma, 1525<br \/>\nTavaszi orsz\u00e1ggy\u0171l\u00e9s kezdete, 1525<br \/>\nSzerencs\u00e9s, avagy Fortunatus Imr\u00e9r\u0151l<br \/>\nB\u00e1thory Istv\u00e1nr\u00f3l<br \/>\nAz orsz\u00e1ggy\u0171l\u00e9sen t\u00f6rt\u00e9ntek, 1525<br \/>\n\u0150fels\u00e9ge d\u00f6nt\u00e9sei az orsz\u00e1ggy\u0171l\u00e9s ut\u00e1n, 1525<br \/>\n\u00dajabb f\u0151\u00fari sz\u00f6vets\u00e9g, 1525<br \/>\nSzapolyai Gy\u00f6rgyr\u0151l<br \/>\nZsid\u00f3\u00fcld\u00f6z\u00e9s Bud\u00e1n, 1525<br \/>\nOrsz\u00e1ggy\u0171l\u00e9sen val\u00f3 megjelen\u00e9s tilalma, m\u00e1sikon val\u00f3 megjelen\u00e9s k\u00f6telezetts\u00e9ge, 1525<br \/>\nFrangep\u00e1n Krist\u00f3f h\u0151stette, 1525<br \/>\nHatvani orsz\u00e1ggy\u0171l\u00e9s el\u0151zm\u00e9nyei, 1525<br \/>\nThurz\u00f3 Elekr\u0151l<br \/>\nSzapolyai J\u00e1nos lekenyerez\u00e9se, 1525<br \/>\nWerb\u0151czy Istv\u00e1n, a m\u00e9rleg nyelve, 1525<br \/>\nA k\u00fclf\u00f6ldiek elhagyj\u00e1k az orsz\u00e1got, 1525<br \/>\nT\u00e1mad\u00e1s a Fuggerek ellen, 1525<br \/>\nA hatvani orsz\u00e1ggy\u0171l\u00e9s, 1525<br \/>\nWerb\u0151czy Istv\u00e1nr\u00f3l<br \/>\nWerb\u0151czy n\u00e1dors\u00e1ga alatt folytat\u00f3d\u00f3 orsz\u00e1ggy\u0171l\u00e9s, 1525<br \/>\nMegalakul a Kalandosnak nevezett sz\u00f6vets\u00e9g, 1525<br \/>\nBurgio \u00e9s Szapolyai J\u00e1nos, 1525<br \/>\nA j\u00faliusi orsz\u00e1gtan\u00e1cs, 1525<br \/>\nA lengyel k\u00f6vet kihallgat\u00e1sai, 1525<br \/>\nZsigmond lengyel kir\u00e1lyt\u00f3l k\u00e9rt seg\u00edts\u00e9g, 1525<br \/>\nSoha v\u00e9get nem \u00e9r\u0151 p\u00e1rtoskod\u00e1s, 1525<br \/>\nBurgio az esztergomi \u00e9rsekkel szemben, 1525<br \/>\nA Fugger-vizsg\u00e1lat, 1525<br \/>\nRossz p\u00e9nz ver\u00e9s\u00e9nek tilalma, 1525<br \/>\nB\u00e1ny\u00e1szl\u00e1zad\u00e1sok, 1525<br \/>\nSzulejm\u00e1n szult\u00e1n \u00e9s Zsigmond lengyel kir\u00e1ly meg\u00e1llapod\u00e1sa, 1525<br \/>\nFuggerek \u00fcgy\u00e9ben t\u00e1rgyal\u00e1sok, 1525<br \/>\nAd\u00f3fizet\u00e9s megtagad\u00e1sa, 1525<br \/>\nFegyveresek el\u00e9gedetlenkednek, 1525<br \/>\nBurgio kitart a magyarok mellett, 1525<br \/>\nTomori P\u00e1l tehetetlens\u00e9ge, 1525<br \/>\n\u0150sszel \u00e9rkez\u0151 h\u00edrek az Oszm\u00e1n Birodalomb\u00f3l, 1525<br \/>\nAz elmarad\u00f3 oszm\u00e1n t\u00e1mad\u00e1s hat\u00e1sa, 1525<br \/>\nTomori P\u00e1l mag\u00e1ra marad, 1525<br \/>\nOszm\u00e1n cselvet\u00e9s a horv\u00e1tokkal, 1525<br \/>\nTitel feld\u00fal\u00e1sa, P\u00e9terv\u00e1rad neh\u00e9zs\u00e9gei, 1525<br \/>\nFranciaorsz\u00e1g kiegyez\u00e9se Szulejm\u00e1nnal, 1525<br \/>\nA b\u00e9ke \u00e9s h\u00e1bor\u00fa \u00fcgye 1525 \u00e9vben<br \/>\nI. B\u00e9kek\u00f6t\u00e9si k\u00eds\u00e9rlet az oszm\u00e1nnal<br \/>\nA b\u00e9ke \u00e9s h\u00e1bor\u00fa \u00fcgye 1525 \u00e9vben<br \/>\nFrangep\u00e1n Krist\u00f3f el\u00fcld\u00f6z\u00e9se<br \/>\nA b\u00e9ke \u00e9s h\u00e1bor\u00fa \u00fcgye 1525 \u00e9vben<br \/>\nAz elmaradt z\u00e1gr\u00e1bi orsz\u00e1ggy\u0171l\u00e9s<br \/>\nA b\u00e9ke \u00e9s h\u00e1bor\u00fa \u00fcgye 1525 \u00e9vben<br \/>\nJajca ism\u00e9t seg\u00edts\u00e9get k\u00e9r<br \/>\nA b\u00e9ke \u00e9s h\u00e1bor\u00fa \u00fcgye 1525 \u00e9vben<br \/>\nA horv\u00e1t urak mag\u00e1nb\u00e9k\u00e9i<br \/>\nA b\u00e9ke \u00e9s h\u00e1bor\u00fa \u00fcgye 1525 \u00e9vben<br \/>\nA horv\u00e1t urak utols\u00f3 seg\u00edts\u00e9gk\u00e9r\u00e9se<br \/>\nB\u00facs\u00fa az 1525 \u00e9vt\u0151l<\/p>\n","protected":false},"excerpt":{"rendered":"<p>TARTALOMJEGYZ\u00c9K Bevezet\u00e9s &#8230;&#8230;&#8230;&#8230;&#8230;&#8230;&#8230;&#8230;&#8230;&#8230;&#8230;&#8230;&#8230;&#8230;&#8230;&#8230;&#8230;&#8230;&#8230;&#8230;&#8230;&#8230;&#8230;&#8230;&#8230;&#8230;&#8230;&#8230;&#8230;&#8230;&#8230;.5 Szerz\u0151i el\u0151sz\u00f3 &#8230;&#8230;&#8230;&#8230;&#8230;&#8230;&#8230;&#8230;&#8230;&#8230;&#8230;&#8230;&#8230;&#8230;&#8230;&#8230;&#8230;&#8230;&#8230;&#8230;&#8230;&#8230;&#8230;&#8230;&#8230;&#8230;&#8230;&#8230;.25 1. R\u00c9SZ. MEMORIA HUNGARORUM ANNO DOMINI 1488\u20131526 &#8230;&#8230;&#8230;.29 I. M\u00faltbeli el\u0151zm\u00e9nyek: Anno Domini 1488\u20131506 &#8230;&#8230;&#8230;&#8230;&#8230;&#8230;&#8230;&#8230;&#8230;&#8230;31 II. T\u00e1voli el\u0151zm\u00e9nyek: Anno Domini 1514\u20131515 &#8230;&#8230;&#8230;&#8230;&#8230;&#8230;&#8230;&#8230;&#8230;&#8230;&#8230;35 III. K\u00f6zvetlen el\u0151zm\u00e9nyek: Anno Domini 1516\u20131518 &#8230;&#8230;&#8230;&#8230;&#8230;&#8230;&#8230;&#8230;..40 IV. Meghat\u00e1roz\u00f3 el\u0151zm\u00e9nyek: Anno Domini 1519\u20131520 &#8230;&#8230;&#8230;&#8230;&#8230;&#8230;&#8230;58 R\u00e9szletes kr\u00f3nik\u00e1k &#8230;&#8230;&#8230;&#8230;&#8230;&#8230;&#8230;&#8230;&#8230;&#8230;&#8230;&#8230;&#8230;&#8230;&#8230;&#8230;&#8230;&#8230;&#8230;&#8230;&#8230;&#8230;&#8230;&#8230;&#8230;&#8230;.70 I. Anno Domini 1521 &#8230;&#8230;&#8230;&#8230;&#8230;&#8230;&#8230;&#8230;&#8230;&#8230;&#8230;&#8230;&#8230;&#8230;&#8230;&#8230;&#8230;&#8230;&#8230;&#8230;&#8230;&#8230;&#8230;&#8230;&#8230;..70 II. Anno Domini 1522 &#8230;&#8230;&#8230;&#8230;&#8230;&#8230;&#8230;&#8230;&#8230;&#8230;&#8230;&#8230;&#8230;&#8230;&#8230;&#8230;&#8230;&#8230;&#8230;&#8230;&#8230;&#8230;&#8230;&#8230;&#8230;.. &hellip; <a href=\"https:\/\/1526.csaladfakonyv.hu\/?page_id=36\" class=\"more-link\"><span class=\"screen-reader-text\">Tartalomjegyz\u00e9k<\/span> b\u0151vebben&#8230; <span class=\"meta-nav\">&rarr;<\/span><\/a><\/p>\n","protected":false},"author":1,"featured_media":0,"parent":7,"menu_order":3,"comment_status":"open","ping_status":"open","template":"","meta":[],"_links":{"self":[{"href":"https:\/\/1526.csaladfakonyv.hu\/index.php?rest_route=\/wp\/v2\/pages\/36"}],"collection":[{"href":"https:\/\/1526.csaladfakonyv.hu\/index.php?rest_route=\/wp\/v2\/pages"}],"about":[{"href":"https:\/\/1526.csaladfakonyv.hu\/index.php?rest_route=\/wp\/v2\/types\/page"}],"author":[{"embeddable":true,"href":"https:\/\/1526.csaladfakonyv.hu\/index.php?rest_route=\/wp\/v2\/users\/1"}],"replies":[{"embeddable":true,"href":"https:\/\/1526.csaladfakonyv.hu\/index.php?rest_route=%2Fwp%2Fv2%2Fcomments&post=36"}],"version-history":[{"count":11,"href":"https:\/\/1526.csaladfakonyv.hu\/index.php?rest_route=\/wp\/v2\/pages\/36\/revisions"}],"predecessor-version":[{"id":207,"href":"https:\/\/1526.csaladfakonyv.hu\/index.php?rest_route=\/wp\/v2\/pages\/36\/revisions\/207"}],"up":[{"embeddable":true,"href":"https:\/\/1526.csaladfakonyv.hu\/index.php?rest_route=\/wp\/v2\/pages\/7"}],"wp:attachment":[{"href":"https:\/\/1526.csaladfakonyv.hu\/index.php?rest_route=%2Fwp%2Fv2%2Fmedia&parent=36"}],"curies":[{"name":"wp","href":"https:\/\/api.w.org\/{rel}","templated":true}]}}