{"id":254,"date":"2014-08-21T09:58:32","date_gmt":"2014-08-21T07:58:32","guid":{"rendered":"http:\/\/1526.csaladfakonyv.hu\/?page_id=254"},"modified":"2014-08-23T17:35:18","modified_gmt":"2014-08-23T15:35:18","slug":"konyvek","status":"publish","type":"page","link":"https:\/\/1526.csaladfakonyv.hu\/?page_id=254","title":{"rendered":"K\u00f6nyvek"},"content":{"rendered":"<p><a href=\"http:\/\/1526.csaladfakonyv.hu\/wp-content\/uploads\/2014\/08\/Kepes-Kronika.jpg\"><img loading=\"lazy\" class=\"alignnone size-medium wp-image-284\" src=\"http:\/\/1526.csaladfakonyv.hu\/wp-content\/uploads\/2014\/08\/Kepes-Kronika-216x300.jpg\" alt=\"Kepes Kronika\" width=\"216\" height=\"300\" srcset=\"https:\/\/1526.csaladfakonyv.hu\/wp-content\/uploads\/2014\/08\/Kepes-Kronika-216x300.jpg 216w, https:\/\/1526.csaladfakonyv.hu\/wp-content\/uploads\/2014\/08\/Kepes-Kronika.jpg 640w\" sizes=\"(max-width: 216px) 100vw, 216px\" \/><\/a><\/p>\n<p>M\u00e1ty\u00e1s kir\u00e1llyal kapcsolatban<\/p>\n<p><a href=\"http:\/\/mek.oszk.hu\/05700\/05736\/html\/index.htm\">http:\/\/mek.oszk.hu\/05700\/05736\/html\/index.htm<\/a><\/p>\n<p>Corvin J\u00e1nossal kapcsolatban<\/p>\n<p><a href=\"http:\/\/mek.oszk.hu\/05700\/05789\/html\/index.htm\">http:\/\/mek.oszk.hu\/05700\/05789\/html\/index.htm<\/a><\/p>\n<p>Beatrix kir\u00e1lyn\u00e9val kapcsolatban<\/p>\n<p><a href=\"http:\/\/mek.oszk.hu\/05800\/05825\/html\/\">http:\/\/mek.oszk.hu\/05800\/05825\/html\/<\/a><\/p>\n<p>II. Ul\u00e1szl\u00f3 kir\u00e1llyal kapcsolatban<\/p>\n<p><a href=\"https:\/\/archive.org\/details\/iiiemsodikul00fg\">https:\/\/archive.org\/details\/iiiemsodikul00fg<\/a><\/p>\n<p>Tripartitum sz\u00f6vege<\/p>\n<p><a href=\"http:\/\/www.staff.u-szeged.hu\/~capitul\/analecta\/trip_hung.htm\">http:\/\/www.staff.u-szeged.hu\/~capitul\/analecta\/trip_hung.htm<\/a><\/p>\n<p>Bak\u00f3cz Tam\u00e1ssal kapcsolatban<\/p>\n<p><a href=\"http:\/\/mek.oszk.hu\/05700\/05734\/html\/01.htm\">http:\/\/mek.oszk.hu\/05700\/05734\/html\/01.htm<\/a><\/p>\n<p>Szatm\u00e1ri Gy\u00f6rggyel kapcsolatban<\/p>\n<p><a href=\"http:\/\/mek.oszk.hu\/05600\/05660\/html\/\">http:\/\/mek.oszk.hu\/05600\/05660\/html\/<\/a><\/p>\n<p>D\u00f3zsa Gy\u00f6rggyel kapcsolatban<\/p>\n<p><a href=\"http:\/\/mek.niif.hu\/05800\/05803\/html\/\">http:\/\/mek.niif.hu\/05800\/05803\/html\/<\/a><\/p>\n<p>II. Lajos kir\u00e1llyal kapcsolatban<\/p>\n<p><a href=\"https:\/\/archive.org\/details\/iiiemsodiklajo00fg\">https:\/\/archive.org\/details\/iiiemsodiklajo00fg<\/a><\/p>\n<p>Brodarics Istv\u00e1n tan\u00favallom\u00e1sa, 1526<\/p>\n<p><a href=\"http:\/\/mek.niif.hu\/05800\/05872\/html\/index.htm\">http:\/\/mek.niif.hu\/05800\/05872\/html\/index.htm<\/a><\/p>\n<p>A moh\u00e1csi veszedelem okair\u00f3l<\/p>\n<p><a href=\"http:\/\/mek.oszk.hu\/05900\/05999\/html\/\">http:\/\/mek.oszk.hu\/05900\/05999\/html\/<\/a><\/p>\n<p>Szer\u00e9mi Gy\u00f6rgy eml\u00e9kiratai<\/p>\n<p><a href=\"https:\/\/archive.org\/details\/szermigyrgy00sz\">https:\/\/archive.org\/details\/szermigyrgy00sz<\/a><\/p>\n<p>M\u00e1ria kir\u00e1lyn\u00e9val kapcsolatban<\/p>\n<p><a href=\"http:\/\/mek.oszk.hu\/05800\/05824\/html\/\">http:\/\/mek.oszk.hu\/05800\/05824\/html\/<\/a><\/p>\n<p>Izabella kir\u00e1lyn\u00e9val kapcsolatban<\/p>\n<p><a href=\"http:\/\/mek.oszk.hu\/05800\/05808\/html\/\">http:\/\/mek.oszk.hu\/05800\/05808\/html\/<\/a><\/p>\n<p>Werb\u0151czi Istv\u00e1nnal kapcsolatban<\/p>\n<p><a href=\"http:\/\/mek.oszk.hu\/05700\/05752\/html\/\">http:\/\/mek.oszk.hu\/05700\/05752\/html\/<\/a><\/p>\n<p>Lodovico Grittivel kapcsolatban<\/p>\n<p><a href=\"http:\/\/mek.oszk.hu\/05700\/05721\/html\/index.htm\">http:\/\/mek.oszk.hu\/05700\/05721\/html\/index.htm<\/a><\/p>\n<p>T\u00f6r\u00f6k B\u00e1linttal kapcsolatban<\/p>\n<p><a href=\"http:\/\/mek.oszk.hu\/02200\/02211\/html\/\">http:\/\/mek.oszk.hu\/02200\/02211\/html\/<\/a><\/p>\n<p>Mayl\u00e1d Istv\u00e1nnal kapcsolatban<\/p>\n<p><a href=\"http:\/\/mek.oszk.hu\/05600\/05689\/html\/\">http:\/\/mek.oszk.hu\/05600\/05689\/html\/<\/a><\/p>\n<p>Per\u00e9nyi Ferenccel kapcsolatban<\/p>\n<p><a href=\"http:\/\/mek.oszk.hu\/06200\/06205\/html\/\">http:\/\/mek.oszk.hu\/06200\/06205\/html\/<\/a><\/p>\n<p>Forg\u00e1ch Ferenccel kapcsolatban<\/p>\n<p><a href=\"http:\/\/mek.oszk.hu\/05600\/05658\/html\/\">http:\/\/mek.oszk.hu\/05600\/05658\/html\/<\/a><\/p>\n<p>Tin\u00f3di Lantos Sebesty\u00e9nnel kapcsolatban<\/p>\n<p><a href=\"http:\/\/mek.oszk.hu\/05700\/05765\/html\/\">http:\/\/mek.oszk.hu\/05700\/05765\/html\/<\/a><\/p>\n<p>Zay Ferenccel kapcsolatban<\/p>\n<p><a href=\"http:\/\/mek.oszk.hu\/05700\/05723\/html\/\">http:\/\/mek.oszk.hu\/05700\/05723\/html\/<\/a><\/p>\n<p>Bekes G\u00e1sp\u00e1rral kapcsolatban<\/p>\n<p><a href=\"http:\/\/mek.oszk.hu\/05600\/05691\/html\/\">http:\/\/mek.oszk.hu\/05600\/05691\/html\/<\/a><\/p>\n<p>Magyar kir\u00e1lys\u00edrok (G\u00e9za fejedelemt\u0151l Szapolyai J\u00e1nosig)<\/p>\n<p><a href=\"http:\/\/mek.oszk.hu\/04000\/04092\/html\/\">http:\/\/mek.oszk.hu\/04000\/04092\/html\/<\/a><\/p>\n<p>A magyar nemzet hadt\u00f6rt\u00e9nete<\/p>\n<p><a href=\"http:\/\/mek.oszk.hu\/09400\/09477\/html\/index.html\">http:\/\/mek.oszk.hu\/09400\/09477\/html\/index.html<\/a><\/p>\n<p>Erd\u00e9ly t\u00f6rt\u00e9nete I-III<\/p>\n<p><a href=\"http:\/\/mek.oszk.hu\/02100\/02109\/html\/\">http:\/\/mek.oszk.hu\/02100\/02109\/html\/<\/a><\/p>\n<p>Kereszt \u00e9s f\u00e9lhold (a t\u00f6r\u00f6k kor Magyarorsz\u00e1gon, 1526-1699)<\/p>\n<p><a href=\"http:\/\/mek.oszk.hu\/01800\/01885\/html\/\">http:\/\/mek.oszk.hu\/01800\/01885\/html\/<\/a><\/p>\n<p>Az oszm\u00e1n birodalom Eur\u00f3p\u00e1ban<\/p>\n<p><a href=\"http:\/\/mek.oszk.hu\/08900\/08980\/08980.htm\">http:\/\/mek.oszk.hu\/08900\/08980\/08980.htm<\/a><\/p>\n<p>T\u00f6t\u00f6k defterek<\/p>\n<p><a href=\"http:\/\/kt.lib.pte.hu\/cgi-bin\/kt.cgi?konyvtar\/kt03122301\/index.html\">http:\/\/kt.lib.pte.hu\/cgi-bin\/kt.cgi?konyvtar\/kt03122301\/index.html<\/a><\/p>\n<p>Bajv\u00edv\u00f3 magyarok<\/p>\n<p><a href=\"http:\/\/mek.oszk.hu\/03500\/03597\/03597.htm\">http:\/\/mek.oszk.hu\/03500\/03597\/03597.htm<\/a><\/p>\n<p>Rajzok a t\u00f6r\u00f6k vil\u00e1gb\u00f3l (Tak\u00e1ts S\u00e1ndor)<\/p>\n<p><a href=\"http:\/\/kt.lib.pte.hu\/cgi-bin\/kt.cgi?konyvtar\/kt06112401\/index.html\">http:\/\/kt.lib.pte.hu\/cgi-bin\/kt.cgi?konyvtar\/kt06112401\/index.html<\/a><\/p>\n<p>A t\u00f6r\u00f6k h\u00f3dolts\u00e1g kor\u00e1b\u00f3l (Tak\u00e1ts S\u00e1ndor)<\/p>\n<p><a href=\"http:\/\/kt.lib.pte.hu\/cgi-bin\/kt.cgi?konyvtar\/kt06112419\/index.html\">http:\/\/kt.lib.pte.hu\/cgi-bin\/kt.cgi?konyvtar\/kt06112419\/index.html<\/a><\/p>\n<p>Zrinyi Mikl\u00f3s a szigetv\u00e1ri h\u0151s \u00e9let\u00e9re vonatkoz\u00f3 levelek \u00e9s okiratok<\/p>\n<p><a href=\"http:\/\/kt.lib.pte.hu\/cgi-bin\/kt.cgi?konyvtar\/kt04121601\/index.html\">http:\/\/kt.lib.pte.hu\/cgi-bin\/kt.cgi?konyvtar\/kt04121601\/index.html<\/a><\/p>\n<p>Ol\u00e1h Mikl\u00f3s II. Lajos \u00e9s M\u00e1ria kir\u00e1lyn\u00e9 titk\u00e1ra, ut\u00f3bb magy. orsz. cancell\u00e1r esztergomi \u00e9rsek-prim\u00e1s \u00e9s kir. helytart\u00f3 levelez\u00e9se<\/p>\n<p><a href=\"http:\/\/kt.lib.pte.hu\/cgi-bin\/kt.cgi?konyvtar\/kt06031401\/index.html\">http:\/\/kt.lib.pte.hu\/cgi-bin\/kt.cgi?konyvtar\/kt06031401\/index.html<\/a><\/p>\n<p>Magyarorsz\u00e1g mell\u00e9ktartom\u00e1nyainak oklev\u00e9lt\u00e1ra<\/p>\n<p><a href=\"http:\/\/kt.lib.pte.hu\/cgi-bin\/kt.cgi?konyvtar\/kt06112411\/index.html\">http:\/\/kt.lib.pte.hu\/cgi-bin\/kt.cgi?konyvtar\/kt06112411\/index.html<\/a><\/p>\n<p>Szigetv\u00e1r t\u00f6rt\u00e9nete<\/p>\n<p><a href=\"http:\/\/kt.lib.pte.hu\/cgi-bin\/kt.cgi?konyvtar\/kt04092101\/index.html\">http:\/\/kt.lib.pte.hu\/cgi-bin\/kt.cgi?konyvtar\/kt04092101\/index.html<\/a><\/p>\n<p>R\u00e9gi magyar levelest\u00e1r<\/p>\n<p><a href=\"http:\/\/mek.oszk.hu\/06200\/06208\/html\/\">http:\/\/mek.oszk.hu\/06200\/06208\/html\/<\/a><\/p>\n<p>A magyar irodalom t\u00f6rt\u00e9nete<\/p>\n<p><a href=\"http:\/\/mek.oszk.hu\/08600\/08687\/html\/01.htm\">http:\/\/mek.oszk.hu\/08600\/08687\/html\/01.htm<\/a><\/p>\n<p>Magyar m\u0171vel\u0151d\u00e9st\u00f6rt\u00e9net<\/p>\n<p><a href=\"http:\/\/mek.oszk.hu\/09100\/09175\/html\/index.html\">http:\/\/mek.oszk.hu\/09100\/09175\/html\/index.html<\/a><\/p>\n<p>Magyar N\u00e9prajzi Lexikon<\/p>\n<p><a href=\"http:\/\/mek.oszk.hu\/02100\/02115\/html\/\">http:\/\/mek.oszk.hu\/02100\/02115\/html\/<\/a><\/p>\n<p>Magyarorsz\u00e1g v\u00e1rmegy\u00e9i \u00e9s v\u00e1rosai<\/p>\n<p><a href=\"http:\/\/mek.oszk.hu\/09500\/09536\/html\/index.html\">http:\/\/mek.oszk.hu\/09500\/09536\/html\/index.html<\/a><\/p>\n<p>Magyar nyomd\u00e1szat<\/p>\n<p><a href=\"http:\/\/mek.oszk.hu\/03200\/03275\/03275.htm\">http:\/\/mek.oszk.hu\/03200\/03275\/03275.htm<\/a><\/p>\n","protected":false},"excerpt":{"rendered":"<p>M\u00e1ty\u00e1s kir\u00e1llyal kapcsolatban http:\/\/mek.oszk.hu\/05700\/05736\/html\/index.htm Corvin J\u00e1nossal kapcsolatban http:\/\/mek.oszk.hu\/05700\/05789\/html\/index.htm Beatrix kir\u00e1lyn\u00e9val kapcsolatban http:\/\/mek.oszk.hu\/05800\/05825\/html\/ II. Ul\u00e1szl\u00f3 kir\u00e1llyal kapcsolatban https:\/\/archive.org\/details\/iiiemsodikul00fg Tripartitum sz\u00f6vege http:\/\/www.staff.u-szeged.hu\/~capitul\/analecta\/trip_hung.htm Bak\u00f3cz Tam\u00e1ssal kapcsolatban http:\/\/mek.oszk.hu\/05700\/05734\/html\/01.htm Szatm\u00e1ri Gy\u00f6rggyel kapcsolatban http:\/\/mek.oszk.hu\/05600\/05660\/html\/ D\u00f3zsa Gy\u00f6rggyel kapcsolatban http:\/\/mek.niif.hu\/05800\/05803\/html\/ II. Lajos kir\u00e1llyal kapcsolatban https:\/\/archive.org\/details\/iiiemsodiklajo00fg Brodarics Istv\u00e1n tan\u00favallom\u00e1sa, 1526 http:\/\/mek.niif.hu\/05800\/05872\/html\/index.htm A moh\u00e1csi veszedelem okair\u00f3l http:\/\/mek.oszk.hu\/05900\/05999\/html\/ Szer\u00e9mi Gy\u00f6rgy eml\u00e9kiratai https:\/\/archive.org\/details\/szermigyrgy00sz M\u00e1ria kir\u00e1lyn\u00e9val kapcsolatban http:\/\/mek.oszk.hu\/05800\/05824\/html\/ &hellip; <a href=\"https:\/\/1526.csaladfakonyv.hu\/?page_id=254\" class=\"more-link\"><span class=\"screen-reader-text\">K\u00f6nyvek<\/span> b\u0151vebben&#8230; <span class=\"meta-nav\">&rarr;<\/span><\/a><\/p>\n","protected":false},"author":1,"featured_media":0,"parent":24,"menu_order":3,"comment_status":"open","ping_status":"open","template":"","meta":[],"_links":{"self":[{"href":"https:\/\/1526.csaladfakonyv.hu\/index.php?rest_route=\/wp\/v2\/pages\/254"}],"collection":[{"href":"https:\/\/1526.csaladfakonyv.hu\/index.php?rest_route=\/wp\/v2\/pages"}],"about":[{"href":"https:\/\/1526.csaladfakonyv.hu\/index.php?rest_route=\/wp\/v2\/types\/page"}],"author":[{"embeddable":true,"href":"https:\/\/1526.csaladfakonyv.hu\/index.php?rest_route=\/wp\/v2\/users\/1"}],"replies":[{"embeddable":true,"href":"https:\/\/1526.csaladfakonyv.hu\/index.php?rest_route=%2Fwp%2Fv2%2Fcomments&post=254"}],"version-history":[{"count":16,"href":"https:\/\/1526.csaladfakonyv.hu\/index.php?rest_route=\/wp\/v2\/pages\/254\/revisions"}],"predecessor-version":[{"id":296,"href":"https:\/\/1526.csaladfakonyv.hu\/index.php?rest_route=\/wp\/v2\/pages\/254\/revisions\/296"}],"up":[{"embeddable":true,"href":"https:\/\/1526.csaladfakonyv.hu\/index.php?rest_route=\/wp\/v2\/pages\/24"}],"wp:attachment":[{"href":"https:\/\/1526.csaladfakonyv.hu\/index.php?rest_route=%2Fwp%2Fv2%2Fmedia&parent=254"}],"curies":[{"name":"wp","href":"https:\/\/api.w.org\/{rel}","templated":true}]}}