{"id":183,"date":"2014-08-20T05:33:46","date_gmt":"2014-08-20T03:33:46","guid":{"rendered":"http:\/\/1526.csaladfakonyv.hu\/?page_id=183"},"modified":"2014-08-20T05:39:38","modified_gmt":"2014-08-20T03:39:38","slug":"ajanlas","status":"publish","type":"page","link":"https:\/\/1526.csaladfakonyv.hu\/?page_id=183","title":{"rendered":"Aj\u00e1nl\u00e1s"},"content":{"rendered":"<p><a href=\"http:\/\/1526.csaladfakonyv.hu\/wp-content\/uploads\/2014\/08\/Cimoldal-I.jpg\"><img loading=\"lazy\" class=\"alignnone size-medium wp-image-184\" src=\"http:\/\/1526.csaladfakonyv.hu\/wp-content\/uploads\/2014\/08\/Cimoldal-I-212x300.jpg\" alt=\"Cimoldal I\" width=\"212\" height=\"300\" srcset=\"https:\/\/1526.csaladfakonyv.hu\/wp-content\/uploads\/2014\/08\/Cimoldal-I-212x300.jpg 212w, https:\/\/1526.csaladfakonyv.hu\/wp-content\/uploads\/2014\/08\/Cimoldal-I.jpg 472w\" sizes=\"(max-width: 212px) 100vw, 212px\" \/><\/a><\/p>\n<p>A K\u00f6nyv aj\u00e1nl\u00e1s\u00e1t, Gudenus J\u00e1nos J\u00f3zseft\u0151l kaptam, akir\u0151l az Olvas\u00f3 val\u00f3sz\u00edn\u0171leg tudja, hogy a magyarorsz\u00e1gi f\u0151nemess\u00e9g geneal\u00f3gi\u00e1j\u00e1t \u00f6tven \u00e9ve rend\u00edthetetlen szorgalommal dolgozza fel.<\/p>\n<p>Az Aj\u00e1nl\u00e1st az\u00e9rt javaslom elolvasni, mert \u00f6sszefoglalja egy Olvas\u00f3 szem\u00e9vel azt, hogy a K\u00f6nyv miben t\u00e9r el a kor\u00e1bban megjelent m\u00e1s k\u00f6nyvekt\u0151l.<\/p>\n<p>Aj\u00e1nl\u00e1s<\/p>\n<p>Tapasztalatom szerint egyszer mindenki eljut \u00e9let\u00e9ben arra a pontra, amikor elgondolkodik azon, kik voltak az el\u0151dei, hol \u00e9ltek, mivel foglalkoztak? Csak a felismer\u00e9s id\u0151pontja k\u00fcl\u00f6nb\u00f6z\u0151, ki nagyon kor\u00e1n, szinte m\u00e1r gyermekkorban foglalkozik a k\u00e9rd\u00e9ssel, vannak viszont sz\u00e9p sz\u00e1mmal olyanok is, akik csak \u00e9let\u00fck alkony\u00e1n.<\/p>\n<p>V\u00e1rkonyi Tibort, ak\u00e1r csak engem, fiatalon kapta el ez az \u00e9rdekl\u0151d\u00e9s, k\u00edv\u00e1ncsis\u00e1g az \u0151s\u00f6kkel kapcsolatban. Min\u00e9l t\u00f6bb neves szem\u00e9lyis\u00e9g fordul el\u0151 az el\u0151d\u00f6k v\u00e9gtelen sor\u00e1ban, ann\u00e1l ink\u00e1bb ragadja el az embert a kutat\u00f3i h\u00e9v \u2026<\/p>\n<p>Itt fekszik el\u0151ttem V\u00e1rkonyi Tibor grandi\u00f3zus munk\u00e1j\u00e1nak k\u00e9zirata, amelynek el\u0151zm\u00e9nyeit, kisebb r\u00e9szleteit m\u00e1r volt alkalmam l\u00e1tni. Most az eg\u00e9szet l\u00e1tom minden \u00f6sszef\u00fcgg\u00e9s\u00e9vel egy\u00fctt, a kor\u00e1bban v\u00e1zolt elk\u00e9pzel\u00e9sei testet \u00f6lt\u00f6ttek. Csak r\u00e1n\u00e9z\u00e9sre is hatalmas, impoz\u00e1ns munka.<\/p>\n<p>\u00c9s egyedi. Mert ehhez hasonl\u00f3t nem igen\u00a0 l\u00e1ttam m\u00e9g kutat\u00f3munk\u00e1m sor\u00e1n.<\/p>\n<p>Az \u0151sjegyz\u00e9k kiindul\u00f3 pontja V\u00e1rkonyi Tibor gyermekei Fanni \u00e9s D\u00e1niel \u00c1d\u00e1m, kiterjed mind az atyai, mind az anyai \u0151s\u00f6kre. A szokv\u00e1nyos \u0151s-sz\u00e1moz\u00e1st k\u00f6veti, az apa 2-es, az anya 3-as, az apai nagyapa 4-es, a nagyanya 5-\u00f6s, az anyai nagyapa 6-os, a nagyanya 7-es, stb.<\/p>\n<p>Minden \u0151s csak egyszer fordul el\u0151, az \u0151sazonoss\u00e1g az \u0151s-sz\u00e1mok k\u00f6z\u00e9 tett\u00a0 =\u00a0 jellel k\u00f6vethet\u0151.<\/p>\n<p>Az \u0151sjegyz\u00e9k 60 nemzed\u00e9ken \u00e1t t\u00e1rja fel a lehets\u00e9ges \u0151s\u00f6ket \u00e9s \u00e1ltaluk megelevenedik nemcsak a magyar, de az eur\u00f3pai t\u00f6rt\u00e9nelem is. Az els\u0151 dinaszti\u00e1k: az \u00c1rp\u00e1dh\u00e1zt\u00f3l a Z\u00e4hringenekig, cs\u00e1sz\u00e1rok, kir\u00e1lyok, fejedelmek, hadvez\u00e9rek, az orsz\u00e1g f\u0151m\u00e9lt\u00f3s\u00e1gai: n\u00e1dorok, orsz\u00e1gb\u00edr\u00e1k, z\u00e1szl\u00f3surak \u00e9s sorolhatn\u00e1m. A t\u00e1voli m\u00faltt\u00f3l eg\u00e9szen a k\u00f6zelm\u00falt t\u00f6rt\u00e9nelm\u00e9ig.<\/p>\n<p>A csal\u00e1di kapcsolatok r\u00e9v\u00e9n m\u00e1sok is r\u00e1bukkanhatnak a k\u00f6z\u00f6s \u0151s\u00f6kre, ez\u00e9rt ezt a m\u0171vet nemcsak a szakmabelieknek aj\u00e1nlhatom, hanem mindazoknak is, akik keresik az \u0151seiket, h\u00e1tha tal\u00e1lnak egy vagy t\u00f6bb sz\u00e1lat, amely elvezet hozz\u00e1juk. Magamr\u00f3l sz\u00f3lva: \u00e9n tal\u00e1ltam.<\/p>\n<p>V\u00e1rkonyi Tibor m\u00e1sf\u00e9l \u00e9vtizeden \u00e1t l\u00e1zasan, p\u00e9ldamutat\u00f3 szorgalommal\u00a0 kutatta fel valamennyi \u0151s\u00e9t, de nemcsak a saj\u00e1tjait: gyermekei \u00e1ltal a feles\u00e9g\u00e9\u00e9t is. F\u00e1radhatatlanul j\u00e1rta a k\u00f6nyvt\u00e1rakat, a lev\u00e9lt\u00e1rakat, s\u0151t bizonyoss\u00e1ga fel\u00f6l m\u00e9g a genetikai vizsg\u00e1latokat is ig\u00e9nybe vette. A k\u00f6nyv egye\u00add\u00fcl\u00e1ll\u00f3s\u00e1g\u00e1t az olvas\u00f3k sz\u00e9les k\u00f6re t\u00f6bb szempontb\u00f3l is megtapasztalhatja:<\/p>\n<p>a.) Magyarorsz\u00e1gon \u00e1ltal\u00e1nosan k\u00f6rben is haszn\u00e1lhat\u00f3, teljesnek tekinthet\u0151 \u00e9s ellen\u0151rz\u00f6tt\u00a0 \u0151sjegyz\u00e9k m\u00e9g nem jelent meg;<\/p>\n<p>b.) lexikonk\u00e9nt is funkcion\u00e1l a k\u00f6nyv, jelent\u0151s \u00e9letrajzi adatgy\u0171jtem\u00e9nyre tekintettel;<\/p>\n<p>c.) felt\u00e1ratlan csal\u00e1di kapcsolatok h\u00e1l\u00f3zatos rendszere mutatkozik meg lapjai k\u00f6z\u00f6tt, amely kap\u00adcsolati h\u00e1l\u00f3 a t\u00f6rt\u00e9nelmi esem\u00e9nyeket teljesen \u00faj megvil\u00e1g\u00edt\u00e1sba helyezik, esetleg az addig \u00e9rthetet\u00adlennek t\u0171n\u0151 esem\u00e9nyeket megmagyar\u00e1zz\u00e1k;<\/p>\n<p>d.) a k\u00f6nyv egy val\u00f3s\u00e1gos eur\u00f3pai geneal\u00f3gi\u00e1t tartalmaz, melyben a k\u00fcl\u00f6nb\u00f6z\u0151 sz\u00e1rmaz\u00e1s\u00fa, t\u00e1rsa\u00addalmi helyzet\u0171 \u00e9s vall\u00e1s\u00fa szem\u00e9lyek l\u00e9tez\u0151 rokoni kapcsolata ker\u00fcl kimutat\u00e1sra;<\/p>\n<p>e.) vitaind\u00edt\u00f3 m\u00f3don felv\u00e1llalja bizonyos geneal\u00f3giai probl\u00e9m\u00e1k megold\u00e1s\u00e1t, k\u00f6z\u00f6tt\u00fck olyan prob\u00adl\u00e9m\u00e1kat is,a melyek megold\u00e1s\u00e1ra eddig senki sem v\u00e1llalkozott;<\/p>\n<p>f.) ahol ezt sz\u00fcks\u00e9gesnek tartotta a szerz\u0151, alternat\u00edv lesz\u00e1rmaz\u00e1sokat is k\u00f6z\u00f6l, mely a kutat\u00f3k k\u00f6z\u00f6tti p\u00e1rbesz\u00e9det er\u0151s\u00edti;<\/p>\n<p>g.) szeml\u00e9lteti az \u00e9l\u0151 kapcsolatot a m\u00falttal az\u00e1ltal, hogy olyan mell\u00e9kleteket szerkesztett a k\u00f6nyv\u00adh\u00f6z,amelyek n\u00e9pszer\u0171s\u00edtik a t\u00f6rt\u00e9nelmi gondolkod\u00e1st \u00e9s tud\u00e1st, \u00e9s mindezt olyan nyelvezettel teszi, hogy a laikus olvas\u00f3 is meg\u00e9rti bel\u0151le az ott le\u00edrtakat;<\/p>\n<p>h.) k\u00e9zik\u00f6nyvk\u00e9nt haszn\u00e1lhat\u00f3 a t\u00f6rt\u00e9nelemmel \u00e9s annak seg\u00e9dtudom\u00e1nyaival foglalkoz\u00f3k sz\u00e1\u00adm\u00e1ra;<\/p>\n<p>i.) a szerz\u0151 a legmodernebb orvosszak\u00e9rt\u0151i, genetikai \u00e9s egy\u00e9b vizsg\u00e1latokat is felhaszn\u00e1lta a k\u00f6nyv val\u00f3s\u00e1gtartalm\u00e1nak bizony\u00edt\u00e1s\u00e1ra, amely egyben \u00fatt\u00f6r\u0151en \u00fatmutat\u00f3 olyan \u00e9rdekl\u0151d\u0151k sz\u00e1m\u00e1ra, akik saj\u00e1t \u0151seik t\u00f6rt\u00e9net\u00e9t k\u00edv\u00e1nj\u00e1k feldolgozni;<\/p>\n<p>j.) igazolja a genetikusok vizsg\u00e1lati eredm\u00e9nyeit, amely a magyars\u00e1g g\u00e9n\u00e1llom\u00e1ny\u00e1nak eredet\u00e9re vonatkoznak.<\/p>\n<p>k.) szak\u00edt a hagyom\u00e1nyos geneal\u00f3giai szeml\u00e9lettel, mely szerint \u00e1ltal\u00e1ban a fi\u00e1gi lesz\u00e1rmaz\u00e1s \u00e9rde\u00admes a figyelemre, helyette az eddig felder\u00edtetlen n\u0151i \u00e1g\u00fa lesz\u00e1rmaz\u00e1sokra kiemelt hangs\u00falyt fektet, \u00edgy teremt meg egy eddig ismeretlen egyens\u00falyt a geneal\u00f3gi\u00e1ban.<\/p>\n<p>Gudenus J\u00e1nos J\u00f3zsef\u00a0 csal\u00e1dt\u00f6rt\u00e9neti \u00edr\u00f3<\/p>\n<p>&#8230; a facebookon itt \u00e9rhet\u0151 el a k\u00f6nyv: <a href=\"https:\/\/www.facebook.com\/CsaladtortenetHatarokNelkul\" target=\"_new\">facebook.com\/CsaladtortenetHatarokNelkul<\/a><\/p>\n","protected":false},"excerpt":{"rendered":"<p>A K\u00f6nyv aj\u00e1nl\u00e1s\u00e1t, Gudenus J\u00e1nos J\u00f3zseft\u0151l kaptam, akir\u0151l az Olvas\u00f3 val\u00f3sz\u00edn\u0171leg tudja, hogy a magyarorsz\u00e1gi f\u0151nemess\u00e9g geneal\u00f3gi\u00e1j\u00e1t \u00f6tven \u00e9ve rend\u00edthetetlen szorgalommal dolgozza fel. Az Aj\u00e1nl\u00e1st az\u00e9rt javaslom elolvasni, mert \u00f6sszefoglalja egy Olvas\u00f3 szem\u00e9vel azt, hogy a K\u00f6nyv miben t\u00e9r el a kor\u00e1bban megjelent m\u00e1s k\u00f6nyvekt\u0151l. Aj\u00e1nl\u00e1s Tapasztalatom szerint egyszer mindenki eljut \u00e9let\u00e9ben arra a pontra, &hellip; <a href=\"https:\/\/1526.csaladfakonyv.hu\/?page_id=183\" class=\"more-link\"><span class=\"screen-reader-text\">Aj\u00e1nl\u00e1s<\/span> b\u0151vebben&#8230; <span class=\"meta-nav\">&rarr;<\/span><\/a><\/p>\n","protected":false},"author":1,"featured_media":0,"parent":181,"menu_order":1,"comment_status":"open","ping_status":"open","template":"","meta":[],"_links":{"self":[{"href":"https:\/\/1526.csaladfakonyv.hu\/index.php?rest_route=\/wp\/v2\/pages\/183"}],"collection":[{"href":"https:\/\/1526.csaladfakonyv.hu\/index.php?rest_route=\/wp\/v2\/pages"}],"about":[{"href":"https:\/\/1526.csaladfakonyv.hu\/index.php?rest_route=\/wp\/v2\/types\/page"}],"author":[{"embeddable":true,"href":"https:\/\/1526.csaladfakonyv.hu\/index.php?rest_route=\/wp\/v2\/users\/1"}],"replies":[{"embeddable":true,"href":"https:\/\/1526.csaladfakonyv.hu\/index.php?rest_route=%2Fwp%2Fv2%2Fcomments&post=183"}],"version-history":[{"count":2,"href":"https:\/\/1526.csaladfakonyv.hu\/index.php?rest_route=\/wp\/v2\/pages\/183\/revisions"}],"predecessor-version":[{"id":188,"href":"https:\/\/1526.csaladfakonyv.hu\/index.php?rest_route=\/wp\/v2\/pages\/183\/revisions\/188"}],"up":[{"embeddable":true,"href":"https:\/\/1526.csaladfakonyv.hu\/index.php?rest_route=\/wp\/v2\/pages\/181"}],"wp:attachment":[{"href":"https:\/\/1526.csaladfakonyv.hu\/index.php?rest_route=%2Fwp%2Fv2%2Fmedia&parent=183"}],"curies":[{"name":"wp","href":"https:\/\/api.w.org\/{rel}","templated":true}]}}